{"id":547,"date":"2022-02-28T11:04:04","date_gmt":"2022-02-28T10:04:04","guid":{"rendered":"https:\/\/www.miel-store.com\/?post_type=product&#038;p=547"},"modified":"2026-04-16T19:15:26","modified_gmt":"2026-04-16T17:15:26","slug":"gel-di-daloe-vera-biologico","status":"publish","type":"product","link":"https:\/\/www.miel-store.com\/it\/p\/gel-daloe-vera-bio","title":{"rendered":"Gel di aloe vera biologico"},"content":{"rendered":"<p>Molto in voga da qualche tempo, ma ancora di pi\u00f9 negli ultimi anni, il\u00a0<strong>Il gel di aloe vera biologico \u00e8 una pianta che \u00e8 altrettanto deliziosa in cosmetica quanto in cucina.<\/strong>\u00a0Riflettori puntati sulla star dei prodotti naturali!<\/p>\n<h2><strong>Da dove proviene il gel di aloe vera biologico?\u00a0<\/strong><\/h2>\n<p>La pianta di Aloe Vera \u00e8 nota\u00a0<strong>per migliaia di anni.<\/strong>\u00a0Lei\u00a0<strong>\u00e8 utilizzato in tutto il mondo e ha attraversato molte generazioni di civilt\u00e0.<\/strong>. Da tempo fa parte della medicina tradizionale in molte parti del mondo. In particolare tra i mesopotamici, ma anche tra gli arabi, gli egiziani e i cinesi.<\/p>\n<p>L'aloe vera si trova in quasi tutti i continenti. Detto questo, l'aloe<strong>\u2018\u00e8 proprio in Sudafrica che si trova in numero maggiore.<\/strong>\u00a0\u00c8 noto per\u00a0<strong>crescono in regioni semi-aride, soprattutto in terreni sabbiosi<\/strong>. Sopravvive senza problemi alla siccit\u00e0, ma non alle temperature rigide. Ma che aspetto ha una pianta di aloe vera biologica?<\/p>\n<h2><strong>Che aspetto ha l'Aloe Vera?\u00a0<\/strong><\/h2>\n<p>Dal punto di vista visivo, questa pianta ha\u00a0<strong>l'aspetto di una grande pianta grassa verde.<\/strong>\u00a0\u00c8 facilmente identificabile da\u00a0<strong>le sue foglie appuntite e seghettate che si sovrappongono.<\/strong>\u00a0Lei\u00a0<strong>\u00e8 alta da 60 cm a 1 m. Ogni foglia ha 3 strati:<\/strong><\/p>\n<ul>\n<li>Prima di tutto,<strong>\u00a0lo strato esterno\u00a0<\/strong>che \u00e8 una cuticola<strong>\u00a0spessa e rigida.\u00a0<\/strong><\/li>\n<li>La\u00a0<strong>strato intermedio<\/strong>\u00a0d\u2019<strong>dove scorre,<\/strong>\u00a0dopo il taglio,\u00a0<strong>una linfa<\/strong>\u00a0o\u00a0<strong>amaro e di colore giallo, chiamato succo.\u00a0<\/strong><\/li>\n<li>Infine, un<strong>\u00a0strato interno<\/strong>\u00a0costituito da\u00a0<strong>il famoso liquido denso e viscoso noto come gel.<\/strong><\/li>\n<\/ul>\n<p>Le due parti della pianta utilizzate sono il succo e il gel di Aloe Vera.<\/p>\n<h2><strong>I benefici del gel di aloe vera biologico<\/strong><\/h2>\n<p>Questo prezioso nettare ha un'ampia gamma di benefici. Non solo \u00e8<strong>\u00a0idratante, nutriente e lenitivo.<\/strong>\u00a0Ma anche\u00a0<strong>rigenerante e purificante!<\/strong>\u00a0Quindi potete usare il gel d'aloe per dare alla vostra pelle una luminosit\u00e0 sana.\u00a0<strong>idratazione profonda per la pelle<\/strong>, Fornendo l'equivalente della sua perdita d'acqua. In secondo luogo, il gel di aloe vera biologico \u00e8\u00a0<strong>ricco di vitamine e oligoelementi<\/strong>, Di conseguenza, \u00e8 estremamente nutriente per la pelle. Inoltre, \u00e8\u00a0<strong>particolarmente rilassante.<\/strong> Aiuta a\u00a0<strong><a href=\"https:\/\/www.miel-store.com\/it\/p\/olio-di-cumino-nero-habachia-100ml\/\">Alleviare il prurito e l'irritazione della pelle<\/a>.<\/strong><\/p>\n<p>Allora la sua azione rigenerante aiuter\u00e0\u00a0<strong>combattere i segni dell'invecchiamento.<\/strong>\u00a0Infine, il gel di aloe vera biologico con\u00a0<strong>propriet\u00e0 purificanti e detergenti.\u00a0<\/strong><\/p>\n<h3><strong>Dove applicare il gel di Aloe Vera biologico?\u00a0<\/strong><\/h3>\n<p>Uno dei tanti vantaggi del gel di aloe vera biologico \u00e8 che pu\u00f2 essere applicato esternamente praticamente ovunque. Ovviamente pu\u00f2 essere utilizzato\u00a0<strong>Applicare su viso e collo.<\/strong>\u00a0Ma t<strong>o sul corpo come balsamo idratante.<\/strong>\u00a0E anche su\u00a0<strong>capelli,\u00a0<\/strong>soprattutto come gel per capelli per i capelli pi\u00f9 giovani, ad esempio. Ma ci sono molti modi in cui si pu\u00f2 usare. Diamo un'occhiata pi\u00f9 da vicino a quest'ultimo.<\/p>\n<h3><strong>Quando deve essere utilizzato?\u00a0<\/strong><\/h3>\n<p>Infine, sebbene ci siano ancora molte cose meravigliose da dire su questo innegabile dono della natura, ecco alcuni esempi di quando si pu\u00f2 usare il prezioso gel a occhi chiusi. Quindi, come abbiamo detto,\u00a0<strong>per idratare la pelle o i capelli,<\/strong>\u00a0ma anche\u00a0<strong>Trattamento anti-et\u00e0<\/strong>. In seguito far\u00e0 una visita speciale a<strong>\u00a0efficace in caso di scottature solari!<\/strong><\/p>\n<p>E anche per mitigare\u00a0<strong>smagliature e macchie brune.<\/strong>\u00a0Infine, il gel di aloe vera biologico sar\u00e0 un prezioso alleato nel <strong>per scottature e punture, per guarire e lenire e per i problemi della pelle.<\/strong>\u00a0Per esempio\u00a0<strong>psoriasi o eczema.\u00a0<\/strong>In alcuni casi, si arriva addirittura a\u00a0<strong>ridurre la diffusione della placca.<\/strong>\u00a0Naturalmente, ogni caso di malattia della pelle \u00e8 diverso. In ogni caso, se non l'avete ancora provata, ecco l'occasione per iniziare!<\/p>","protected":false},"excerpt":{"rendered":"<p>Gel di aloe vera biologico.<\/p>\n<p>Origine: Regno Unito.<\/p>\n<p>Vasetto da 100 g.<\/p>","protected":false},"featured_media":10356,"template":"","meta":[],"product_brand":[],"product_cat":[89],"product_tag":[],"class_list":{"0":"post-547","1":"product","2":"type-product","3":"status-publish","4":"has-post-thumbnail","6":"product_cat-cosmetiques","8":"first","9":"instock","10":"shipping-taxable","11":"purchasable","12":"product-type-simple"},"_links":{"self":[{"href":"https:\/\/www.miel-store.com\/it\/wp-json\/wp\/v2\/product\/547","targetHints":{"allow":["GET"]}}],"collection":[{"href":"https:\/\/www.miel-store.com\/it\/wp-json\/wp\/v2\/product"}],"about":[{"href":"https:\/\/www.miel-store.com\/it\/wp-json\/wp\/v2\/types\/product"}],"wp:featuredmedia":[{"embeddable":true,"href":"https:\/\/www.miel-store.com\/it\/wp-json\/wp\/v2\/media\/10356"}],"wp:attachment":[{"href":"https:\/\/www.miel-store.com\/it\/wp-json\/wp\/v2\/media?parent=547"}],"wp:term":[{"taxonomy":"product_brand","embeddable":true,"href":"https:\/\/www.miel-store.com\/it\/wp-json\/wp\/v2\/product_brand?post=547"},{"taxonomy":"product_cat","embeddable":true,"href":"https:\/\/www.miel-store.com\/it\/wp-json\/wp\/v2\/product_cat?post=547"},{"taxonomy":"product_tag","embeddable":true,"href":"https:\/\/www.miel-store.com\/it\/wp-json\/wp\/v2\/product_tag?post=547"}],"curies":[{"name":"wp","href":"https:\/\/api.w.org\/{rel}","templated":true}]}}