{"id":9294,"date":"2026-01-04T11:59:02","date_gmt":"2026-01-04T10:59:02","guid":{"rendered":"https:\/\/www.miel-store.com\/?post_type=product&#038;p=9294"},"modified":"2026-01-04T11:59:18","modified_gmt":"2026-01-04T10:59:18","slug":"aker-fassi-seife","status":"publish","type":"product","link":"https:\/\/www.miel-store.com\/de\/p\/savon-aker-fassi","title":{"rendered":"Handgemachte Seife mit Aker Fassi - Ca. 100g"},"content":{"rendered":"<p>Die&nbsp;<strong>handgemachte Seife im Aker Fassi<\/strong> ist ein Muss f\u00fcr marokkanisch inspirierte Sch\u00f6nheitsroutinen. Er ist an seinem roten Farbton und seiner ultra-sensorischen Identit\u00e4t erkennbar. <strong>Seife mit Aker Fassi<\/strong> wird vor allem als <strong>Reinigungsseife<\/strong> : Hilft, die Haut von allt\u00e4glichen Unreinheiten zu befreien und hinterl\u00e4sst nach dem Absp\u00fclen ein klareres Hautgef\u00fchl.<\/p>\n<p>Bei <strong>Honig Store<\/strong>, Sie ist eine handgefertigte Seife, die f\u00fcr eine regelm\u00e4\u00dfige, einfache und angenehme Routine gedacht ist. Das Wort \u201cGlanz\u201d wird im traditionellen Sprachgebrauch oft mit Aker Fassi in Verbindung gebracht; hier geht es vor allem um eine <strong>Sch\u00f6nheitsritual<\/strong> die eine saubere und gut mit Feuchtigkeit versorgte Haut begleitet.<\/p>\n<h2>Was ist Aker Fassi?<\/h2>\n<p>L\u2019<strong>Aker Fassi<\/strong> ist traditionell als pflanzliches Pulver bekannt, das in einigen marokkanisch inspirierten Sch\u00f6nheitsroutinen und Zubereitungen verwendet wird. In einer Seife bringt es vor allem eine <strong>sensorische Signatur<\/strong> : eine charakteristische Farbe und eine \u201crituelle\u201d Erfahrung, die sich von einer herk\u00f6mmlichen Seife unterscheidet.<\/p>\n<h2>Warum sollte man sich f\u00fcr eine Seife mit Aker Fassi entscheiden?<\/h2>\n<ul>\n<li><strong>Von Marokko inspirierte Routine<\/strong> : Eine Seife, die Teil eines traditionellen Sch\u00f6nheitsrituals ist.<\/li>\n<li><strong>T\u00e4gliche Reinigung<\/strong> : Ideal zum Entfernen von Unreinheiten, Schwei\u00df und Verschmutzungen.<\/li>\n<li><strong>Weichere Haut nach dem Absp\u00fclen<\/strong> : Vor allem, wenn Sie anschlie\u00dfend Feuchtigkeit spenden.<\/li>\n<li><strong>Sensorisch<\/strong> : Farbe, Textur, Schaum... eine Genuss-Seife, die Lust darauf macht, die Routine beizubehalten.<\/li>\n<\/ul>\n<h2>Wie verwenden Sie Ihre handgemachte Seife \u00e0 l'Aker Fassi?<\/h2>\n<p>F\u00fcr eine einfache (und effektive) Nutzung :<\/p>\n<ul>\n<li>Befeuchten Sie die Haut.<\/li>\n<li>Sch\u00e4umen Sie die Seife zwischen den H\u00e4nden oder auf einem weichen Handschuh auf.<\/li>\n<li>Tragen Sie es auf den K\u00f6rper auf (und auf das Gesicht nur, wenn Ihre Haut es vertr\u00e4gt).<\/li>\n<li>Sp\u00fclen Sie es gr\u00fcndlich ab.<\/li>\n<li>Schlie\u00dfen Sie mit einem <strong>Feuchtigkeit<\/strong> angepasst: Sie macht den Unterschied beim Komfort aus.<\/li>\n<\/ul>\n<p>Tipp: Wenn Sie gerade erst anfangen oder eine reaktive Haut haben, beginnen Sie mit einer sporadischen Anwendung (2-3 Mal pro Woche) und passen Sie diese dann an.<\/p>\n<h2>Aker Fassi\u201c-Routine: Womit soll man sie kombinieren?<\/h2>\n<p>Wenn Sie traditionelle Routinen m\u00f6gen, k\u00f6nnen Sie nach Lust und Laune abwechselnd unsere <a href=\"https:\/\/www.miel-store.com\/de\/p\/handgefertigte-seife-nila\/\"><strong>handgemachte Nila-Seife<\/strong><\/a>. Beide folgen einer \u00e4hnlichen Logik : <strong>reinigen<\/strong>, Sie wollen sich etwas g\u00f6nnen und eine einheitliche Tagesroutine beibehalten.<\/p>\n<h2>F\u00fcr wen ist diese Seife gemacht?<\/h2>\n<ul>\n<li>F\u00fcr diejenigen, die einen <strong>handgemachte Seife<\/strong> angenehm und anders.<\/li>\n<li>F\u00fcr Fans von <strong>marokkanisch inspirierte Sch\u00f6nheitsrituale<\/strong>.<\/li>\n<li>F\u00fcr eine K\u00f6rperroutine, und f\u00fcr das Gesicht, wenn Ihre Haut es vertr\u00e4gt.<\/li>\n<\/ul>\n<h2>Vorsichtsma\u00dfnahmen f\u00fcr den Gebrauch (einfach, aber wichtig)<\/h2>\n<ul>\n<li>Vermeiden Sie den Kontakt mit den Augen.<\/li>\n<li>Machen Sie einen <strong>Test auf einem kleinen Gebiet<\/strong> wenn Sie empfindliche oder reaktive Haut haben.<\/li>\n<li>Stoppen Sie bei Unwohlsein, R\u00f6tungen oder Reaktionen.<\/li>\n<li>Bewahren Sie die Seife zwischen den Anwendungen trocken auf (abflie\u00dfende Seifenschale).<\/li>\n<\/ul>\n<hr>\n<h2>FAQ - Handgemachte Seife mit Aker Fassi<\/h2>\n<div itemscope=\"\" itemtype=\"https:\/\/schema.org\/FAQPage\">\n<div itemprop=\"mainEntity\" itemscope=\"\" itemtype=\"https:\/\/schema.org\/Question\">\n<h3 itemprop=\"name\">Ist Aker Fassi-Seife f\u00fcr das Gesicht geeignet?<\/h3>\n<div itemprop=\"acceptedAnswer\" itemscope=\"\" itemtype=\"https:\/\/schema.org\/Answer\">\n<div itemprop=\"text\">\n<p>Es kann auch f\u00fcr das Gesicht geeignet sein, wenn Ihre Haut es vertr\u00e4gt. Beginnen Sie mit einem Test auf einem kleinen Bereich und verwenden Sie es in gr\u00f6\u00dferen Abst\u00e4nden. Bei sehr empfindlicher Haut sollten Sie eine sanftere Routine bevorzugen.<\/p>\n<\/div>\n<\/div>\n<\/div>\n<div itemprop=\"mainEntity\" itemscope=\"\" itemtype=\"https:\/\/schema.org\/Question\">\n<h3 itemprop=\"name\">Wie oft sollte man eine handgemachte Aker Fassi-Seife verwenden?<\/h3>\n<div itemprop=\"acceptedAnswer\" itemscope=\"\" itemtype=\"https:\/\/schema.org\/Answer\">\n<div itemprop=\"text\">\n<p>F\u00fcr den K\u00f6rper kann es je nach Ihren Gewohnheiten regelm\u00e4\u00dfig angewendet werden. Im Gesicht fangen Sie am besten langsam an (2-3 Mal pro Woche) und passen die Anwendung dann an das Wohlbefinden Ihrer Haut an.<\/p>\n<\/div>\n<\/div>\n<\/div>\n<div itemprop=\"mainEntity\" itemscope=\"\" itemtype=\"https:\/\/schema.org\/Question\">\n<h3 itemprop=\"name\">Was ist der Unterschied zu handgemachter Seife \u00e0 la Nila?<\/h3>\n<div itemprop=\"acceptedAnswer\" itemscope=\"\" itemtype=\"https:\/\/schema.org\/Answer\">\n<div itemprop=\"text\">\n<p>Dies sind zwei Seifen, die von traditionellen Routinen inspiriert sind, aber unterschiedliche Identit\u00e4ten haben. Wenn Sie gerne abwechseln, k\u00f6nnen Sie unsere <a href=\"https:\/\/www.miel-store.com\/de\/p\/handgefertigte-seife-nila\/\">handgemachte Nila-Seife<\/a> um Abwechslung in Ihre Routine zu bringen.<\/p>\n<\/div>\n<\/div>\n<\/div>\n<div itemprop=\"mainEntity\" itemscope=\"\" itemtype=\"https:\/\/schema.org\/Question\">\n<h3 itemprop=\"name\">Wie kann ich meine handgemachte Seife l\u00e4nger haltbar machen?<\/h3>\n<div itemprop=\"acceptedAnswer\" itemscope=\"\" itemtype=\"https:\/\/schema.org\/Answer\">\n<div itemprop=\"text\">\n<p>Lassen Sie es zwischen den Anwendungen auf einer abflie\u00dfenden Seifenschale trocknen, die vor stehendem Wasser gesch\u00fctzt ist. Das verhindert, dass es zu schnell schmilzt und erh\u00f6ht den Komfort bei der Anwendung.<\/p>\n<\/div>\n<\/div>\n<\/div>\n<\/div>","protected":false},"excerpt":{"rendered":"<p>Nicht vertraglich festgelegtes Foto.<\/p>","protected":false},"featured_media":9295,"template":"","meta":[],"product_brand":[],"product_cat":[88,89],"product_tag":[],"class_list":{"0":"post-9294","1":"product","2":"type-product","3":"status-publish","4":"has-post-thumbnail","6":"product_cat-bien-etre","7":"product_cat-cosmetiques","9":"first","10":"instock","11":"shipping-taxable","12":"purchasable","13":"product-type-simple"},"_links":{"self":[{"href":"https:\/\/www.miel-store.com\/de\/wp-json\/wp\/v2\/product\/9294","targetHints":{"allow":["GET"]}}],"collection":[{"href":"https:\/\/www.miel-store.com\/de\/wp-json\/wp\/v2\/product"}],"about":[{"href":"https:\/\/www.miel-store.com\/de\/wp-json\/wp\/v2\/types\/product"}],"wp:featuredmedia":[{"embeddable":true,"href":"https:\/\/www.miel-store.com\/de\/wp-json\/wp\/v2\/media\/9295"}],"wp:attachment":[{"href":"https:\/\/www.miel-store.com\/de\/wp-json\/wp\/v2\/media?parent=9294"}],"wp:term":[{"taxonomy":"product_brand","embeddable":true,"href":"https:\/\/www.miel-store.com\/de\/wp-json\/wp\/v2\/product_brand?post=9294"},{"taxonomy":"product_cat","embeddable":true,"href":"https:\/\/www.miel-store.com\/de\/wp-json\/wp\/v2\/product_cat?post=9294"},{"taxonomy":"product_tag","embeddable":true,"href":"https:\/\/www.miel-store.com\/de\/wp-json\/wp\/v2\/product_tag?post=9294"}],"curies":[{"name":"wp","href":"https:\/\/api.w.org\/{rel}","templated":true}]}}